{"id":259,"date":"2016-06-08T12:35:35","date_gmt":"2016-06-08T12:35:35","guid":{"rendered":"https:\/\/demo.accesspressthemes.com\/enlighten\/cart\/"},"modified":"2024-02-28T12:47:31","modified_gmt":"2024-02-28T10:47:31","slug":"cart","status":"publish","type":"page","link":"http:\/\/www.icai.ro\/?page_id=259","title":{"rendered":"Evenimente"},"content":{"rendered":"<p><strong>Institutului de Cercet\u0103ri Avansate Interdisciplinare \u201eConstantin Angelescu\u201d &nbsp;desf\u0103\u0219oar\u0103 numeroase activit\u0103\u021bi \u00een sprijinul \u0219tiin\u021bei \u0219i culturii:<\/strong><\/p>\n<ul>\n<li>organizarea sau co-organizarea de evenimente culturale \u0219i \u0219tiin\u021bifice ;<\/li>\n<li>organizarea de dezbateri asupra unor teme de interes na\u021bional;<\/li>\n<li>publicarea on-line sau tradi\u021bional a unor documente de interes;<\/li>\n<li>sprijinirea unor ac\u021biuni culturale organizate de diferite institu\u021bii din \u021bara \u0219i str\u0103in\u0103tate.<\/li>\n<\/ul>\n<p><strong>2019<\/strong><\/p>\n<p><strong>I. Participarea la organizarea de evenimente:<\/strong><\/p>\n<ul>\n<li><strong>Slove Musecelene 2019<\/strong><\/li>\n<li><strong>\u201eAgricultura inteligent\u0103 \u2013 component\u0103 a sistemului europa digital\u0103\u201d<\/strong><\/li>\n<li><strong>Cercetare \u0219i educa\u021bie pentru \u0219tiin\u021b\u0103, tehnologie, inginerie \u0219i matematic\u0103\u201d \/ \u201dResearch and Education for Science, Technology, Engineering and Mathematics\u201d<\/strong><\/li>\n<\/ul>\n<p><strong>&nbsp;<\/strong><strong><a href=\"http:\/\/www.digilibmuscel.ro\/?page_id=1613\">1. Slove Muscelene 2019<\/a><\/strong><\/p>\n<p>Institutul Na\u021bional de Cercetare-Dezvoltare \u00een Informatic\u0103 \u2013 ICI Bucure\u0219ti, Biblioteca Central\u0103 Universitar\u0103 \u201eCarol I\u201c din Bucure\u0219ti, Asocia\u021bia DigiLib Muscel, Institutul de Cercet\u0103ri Avansate Interdisciplinare \u201eConstantin Angelescu\u201d (ICAI) &nbsp;\u0219i Biblioteca Municipal\u0103 \u201eIon Barbu\u201c, cu sprijinul Prim\u0103riei C\u00e2mpulung Muscel, a organizat \u00een zilele de 18-19 iulie 2019 la C\u00e2mpulung Muscel, a XI-a edi\u021bie a simpozionului&nbsp;\u201eSlove Muscelene\u201c.&nbsp;Tema principal\u0103 a simpozionului a fost&nbsp;\u201eSecuritatea informa\u021biei digitale \u00een secolul XXI\u201c.<\/p>\n<p>Manifestarea s-a desf\u0103\u0219urat sub \u00eenaltul patronaj al Academiei Oamenilor de \u0218tiin\u021b\u0103 din Rom\u00e2nia.<\/p>\n<p>Evenimentul se desf\u0103\u0219oar\u0103 \u00eentotdeauna \u00een perioada zilelor C\u00e2mpulungului, \u00een jurul datei de 20 iulie, de ziua Sf. Ilie ocrotitorul ora\u0219ului \u0219i&nbsp; constituie o autentic\u0103 s\u0103rb\u0103toare \u0219tiin\u021bific\u0103 \u0219i cultural\u0103, at\u00e2t prin prestigiul participan\u021bilor, c\u00e2t \u0219i prin calitatea lucr\u0103rilor \u0219tiin\u021bifice prezentate.<\/p>\n<p>La manifestare au participat reprezentan\u021bi ai Academiei Oamenilor de \u0218tiin\u021b\u0103 din Rom\u00e2nia, Ministerului Culturii \u0219i Identit\u0103\u021bii Na\u021bionale, Ministerul Cercet\u0103rii \u0219i Inov\u0103rii, Ministerul Comunica\u021biilor \u0219i Societ\u0103\u021bii Informa\u021bionale, reprezentan\u021bi ai administra\u021biei locale, speciali\u0219ti ai mediului academic \u0219i de cercetare, speciali\u0219ti din institu\u021bii de \u00eenv\u0103\u021b\u0103m\u00e2nt \u0219i cultur\u0103. Lucr\u0103rile simpozionului vor fi publicate pe site-ul manifest\u0103rii \u0219i \u00een Revista Rom\u00e2n\u0103 de Informatic\u0103.<\/p>\n<p><a href=\"http:\/\/www.bcub.ro\/noutati-si-evenimente\/evenimente\/conferinta-nationala-cu-participare-internationala-agricultura-inteligenta-componenta-a-sistemului-europa-digitala\">http:\/\/www.bcub.ro\/noutati-si-evenimente\/evenimente\/conferinta-nationala-cu-participare-internationala-agricultura-inteligenta-componenta-a-sistemului-europa-digitala<\/a><\/p>\n<p><strong> 2. \u201eAgricultura inteligent\u0103 \u2013 component\u0103 a sistemului europa digital\u0103\u201d<\/strong><\/p>\n<p>Biblioteca Central\u0103 Universitar\u0103 \u201eCAROL I\u201d, Institutul De Cercet\u0103ri Avansate Interdisciplinare \u201eCONSTANTIN ANGELESCU\u201d, Asocia\u021bia Digilib Muscel \u0219i Universitatea de \u0218tiin\u021be Agricole \u0219i Medicin\u0103 Veterinar\u0103 a Banatului din Timi\u0219oara a organizat \u00een perioada 10-12 octombrie 2019, \u00een cadrul manifest\u0103rilor <em>Strada de C\u2019Arte<\/em>, conferin\u021ba <strong>\u201eAgricultura inteligent\u0103 \u2013 component\u0103 a sistemului europa digital\u0103\u201d. Obiectivul principal<\/strong> al acestei conferin\u021be a fost promovarea unei noi abord\u0103ri \u00een dezvoltarea domeniului agrar, stimularea inov\u0103rii \u0219i implicit cre\u0219terea gradului de sensibilizare a mediului economic pentru sprijinirea introducerii metodelor moderne&nbsp;\u00een agricultur\u0103. De asemenea organizatorii \u0219i-au propus s\u0103 promoveze serviciile de informare \u0219i documentare digitale oferite de structurile info-documentare specializate \u00een sprijinul introduceri de noi procedee \u0219i metode \u00een agricultura clasic\u0103. \u00cen acest context, conferin\u021ba va contribui la promovarea \u0219i diseminarea politicilor \u0219i strategiilor comisiei europene \u00een domeniul agriculturii inteligente. Manifestarea s-a bucurat de participarea unor speciali\u0219ti de renume din \u021bar\u0103 \u0219i str\u0103in\u0103tate. Lucr\u0103rile prezentate vor fi publicate \u00een reviste cotate la nivel interna\u021bional. Conferin\u021ba a avut loc la sediul Bibliotecii Centrale Universitare \u201eCarol I\u201d Calea Victoriei nr. 88, sector 1, Bucure\u0219ti, la sediul Academiei Oamenilor de \u0218tiin\u021b\u0103 din Rom\u00e2nia (Str. Ilfov, Nr. 3, Sector 5, Bucure\u0219ti) \u0219i sediul Institutului de Cercet\u0103ri Avansate Interdisciplinare \u201eConstantin Angelescu\u201d (Splaiul Independen\u021bei nr. 54, sector 5).<\/p>\n<p><strong>3. \u201eCercetare \u0219i educa\u021bie pentru \u0219tiin\u021b\u0103, tehnologie, inginerie \u0219i matematic\u0103\u201d \/ \u201dResearch and Education for Science, Technology, Engineering and Mathematics\u201d<\/strong><\/p>\n<p><strong>Organizator al manifest\u0103rii \u015ftiin\u0163ifice: <\/strong>Funda\u0163ia SCIENTICA<\/p>\n<p><strong>Coorganizatori<\/strong>: Institutului de Cercet\u0103ri Avansate Interdisciplinare \u201eConstantin Angelescu\u201d (ICAI), Academia Oamenilor de \u015etiin\u0163\u0103 din Rom\u00e2nia (AOSR), Institutul de Studii, Cercetare, Dezvoltare \u0219i Inovare (ISCDI), Universitatea \u201eTitu Maiorescu\u201d din Bucure\u015fti (<strong>UTM<\/strong>)<\/p>\n<p>Locul desf\u0103\u015fur\u0103rii\/data desf\u0103\u015fur\u0103rii: <em>Sediul Academiei Oamenilor de \u015etiin\u0163\u0103 din Rom\u00e2nia, Strada Ilfov nr. 3 \u00een perioada 30.10-01.11.2019<\/em><\/p>\n<p>Manifestare \u0219tiin\u021bific\u0103 na\u021bional\u0103 cu participare interna\u0163ional\u0103 al c\u0103rei scop a fost prezentarea \u0219i promovarea educa\u021biei pentru \u0219tiin\u021b\u0103, tehnologie, inginerie \u0219i matematic\u0103 (\u0218TIM\/ STEM) \u00een \u0219coal\u0103 \u0219i \u00een societate \u00een vederea unei societ\u0103\u021bi sustenabile; &#8211; prezentarea \u0219i promovarea politicilor Comisiei Europene pentru educa\u021bie \u0218TIM\/ STEM &#8211; integrarea comunit\u0103\u0163ii \u015ftiin\u0163ifice rom\u00e2ne\u015fti \u00een activit\u0103\u0163ile comunit\u0103\u0163ii \u015ftiin\u0163ifice interna\u0163ionale, precum \u015fi cre\u015fterea vizibilit\u0103\u0163ii contribu\u0163iei acesteia la patrimoniul \u015ftiin\u0163ific interna\u0163ional \u015fi a recunoa\u015fterii interna\u0163ionale a cercet\u0103rii rom\u00e2ne\u015fti.<\/p>\n<p><strong>II. Participarea la evenimente:<\/strong><\/p>\n<p><a href=\"http:\/\/anbpr.org.ro\/wp-content\/uploads\/2019\/04\/Invitatie_Conferinta_ANBPR_Sibiu_23-25_mai_2019_IC.pdf\">http:\/\/anbpr.org.ro\/wp-content\/uploads\/2019\/04\/Invitatie_Conferinta_ANBPR_Sibiu_23-25_mai_2019_IC.pdf<\/a><\/p>\n<p>1. \u00cen perioada 23-25 mai 2019, a avut loc la Sibiu, Conferin\u021ba Na\u021bional\u0103 a ANBPR BiblioPUBLICA, cu tema <strong><em>\u201cBibliotecile publice \u2013 teritorii ale cunoa\u0219terii \u0219i memoriei colective\u201d.<\/em><\/strong><\/p>\n<p>Edi\u021bia de prim\u0103var\u0103 a Conferin\u021bei de la Sibiu a fost un eveniment profesional co-organizat de&nbsp;Biblioteca Jude\u021bean\u0103 \u201eASTRA\u201d Sibiu&nbsp;\u0219i&nbsp;ANBPR, cu suportul sponsorilor, partenerilor \u0219i colaboratorilor tradi\u021bionali ai Asocia\u021biei \u0219i cu implicarea reprezentan\u021bilor bibliotecilor publice la nivel na\u021bional.La manifestare vau participat \u0219i membrii ai AOSR<\/p>\n<p><a href=\"https:\/\/www.dcnews.ro\/robotica-si-imprimare-3d-in-biblioteci_701385.html\">https:\/\/www.dcnews.ro\/robotica-si-imprimare-3d-in-biblioteci_701385.html<\/a><\/p>\n<p><strong>2. Conferin\u0163a interna\u0163ional\u0103 Robotic\u0103 \u015fi imprimare 3D \u00een biblioteci<\/strong><\/p>\n<p><strong>Biblioteca Jude\u0163ean\u0103 \u201eGeorge Bari\u0163iu\u201d Bra\u015fov, 16-17 octombrie 2019<\/strong><\/p>\n<p>Conferin\u021ba a fost organizat\u0103 de Biblioteca Jude\u0163ean\u0103 \u201eGeorge Bari\u0163iu&#8221; Bra\u015fov. La activit\u0103\u021bile \u015ftiin\u0163ifice au participat cadre didactice din universit\u0103\u021bile europene, profesori din \u00eenv\u0103\u0163\u0103m\u00e2ntul superior rom\u00e2nesc, cercet\u0103tori \u015ftiin\u0163ifici. Orientarea bibliotecilor spre industriile creative \u015fi inteligen\u0163a artificial\u0103 este o tendin\u0163\u0103 \u00een plin\u0103 ascensiune, procese precum interconectarea serviciilor, rela\u0163ia cu utilizatorii, circula\u0163ia informa\u0163iei transform\u00e2ndu-se radical. Rela\u0163ia om-ma\u015fin\u0103 \u00een noua configura\u021bie va optimiza noua cunoa\u015ftere \u015fi serviciile tip discovery.<\/p>\n<p><em>\u201dProcesul de decizie va fi puternic influen\u0163at de tehnologiile emergente adoptate in biblioteci care, vor deveni adev\u0103rate hub-uri de cercetare interdisciplinar\u0103\u201d,<\/em> arat\u0103 un comunicat BCU Carol I, transmis exclusiv DC News.<\/p>\n<p>Moderatori conferin\u0163\u0103: lector univ. dr. Andrada F\u0102TU-TUTOVEANU (Facultatea de Litere, Universitatea Babe\u015f Bolyai, Cluj-Napoca, Rom\u00e2nia) \u015fi prof. univ. dr. Philippe LOUBI\u00c8RE (Universit\u00e9 Paris \u2013 III, Fran\u0163a)<\/p>\n<p>9,00-9,30 \u2013 Cuv\u00e2nt de salut \u015fi deschiderea lucr\u0103rilor \u2013 dr. Daniel NAZARE (director Biblioteca Jude\u0163ean\u0103 \u201eGeorge Bari\u0163iu\u201d Bra\u015fov, Rom\u00e2nia) \u015fi prof. univ. dr. ing. <strong>Doina BANCIU<\/strong> (pre\u015fedinte Consiliul \u015etiin\u0163ific Institutul Na\u021bional de Cercetare \u2013 Dezvoltare \u00een Informatic\u0103, Bucure\u0219ti, Rom\u00e2nia)<\/p>\n<p><strong>3. Targ de carte \u2013 Br\u0103ila.<\/strong> La invita\u021bia Prim\u0103riei Br\u0103ila \u0219i a Bibliotecii Jude\u021bene Br\u0103ila, ICAI \u0219i Editura Tehnica, care a fost preluat\u0103 de AOSR, au participat la un t\u00e2rg de carte care a avut loc la Br\u0103ila, \u00eentre 25-28 Septembrie 2019. Au fost expuse lucr\u0103ri reprezentative editate at\u00e2t de Editura AOSR c\u00e2t \u0219i de Editura Tehnica. Exponatele s-au bucurat de aten\u021bia publicului.<\/p>\n<p><strong>2020<\/strong><\/p>\n<p><strong>1. Simpozionul \u201dSlove Muscelene\u201d C\u00e2mpulung Muscel 16-17 Iulie 2020<\/strong><\/p>\n<p>Tema:&nbsp;<strong><em>Rolul Bibliotecii digitale in sistemul E-learning<\/em><\/strong><\/p>\n<p>Sub \u00eenaltul patronaj al Academiei Oamenilor de \u0218tiin\u021b\u0103 din Rom\u00e2nia (AOSR), Biblioteca Municipal\u0103 \u201cIon Barbu\u201d \u2013 C\u00e2mpulung Muscel \u0219i Asocia\u021bia Digilib Muscel au organizat a 12-a edi\u021bie a simpozionului \u201cSlove muscelene\u201d cu tema \u201cRolul Bibliotecii digitale in sistemul E-learning\u201c. Manifestarea s-a desf\u0103\u0219urat online joi, 16 Iulie 2020, \u00eentre orele 10:00 \u0219i 13:00.<\/p>\n<p>La manifestare au participat 36 de invita\u021bi, directori de Biblioteci Jude\u021bene (Alba, Br\u0103ila, D\u00e2mbovi\u021ba, Mehedin\u021bi, Sibiu), reprezentan\u021bi ai B.J. Bra\u0219ov, Cluj-Napoca \u0219i Rm. V\u00e2lcea, reprezentan\u021bi ai unor Biblioteci Universitare, cadre universitare (Univ. Politehnica Timi\u0219oara, Universitatea din Bucure\u0219ti \u0219i Univ. Politehnica din Bucure\u0219ti), cercet\u0103tori \u00een domeniul informaticii (ICI Bucure\u0219ti), reprezentan\u021bi ai unor companii \u00een domeniul ITC.<\/p>\n<p><strong>&nbsp;<\/strong><strong><a href=\"http:\/\/www.aosr.ro\/wp-content\/uploads\/2020\/07\/info-slove-muscelene.pdf\">http:\/\/www.aosr.ro\/wp-content\/uploads\/2020\/07\/info-slove-muscelene.pdf<\/a><\/strong><\/p>\n<p><strong>&nbsp;2. <\/strong><strong>Editia a IX-a a Festivalului&nbsp;Strada de C`Arte&nbsp;<\/strong><\/p>\n<p><strong>&nbsp;<\/strong>Vineri, 25 septembrie 2020, Biblioteca Central\u0103 Universitar\u0103 \u201dCarol I\u201d, \u00eempreun\u0103 cu Academia Oamenilor de \u0218tiin\u021b\u0103 din Rom\u00e2nia (AO\u0218R) &#8211; prin Institutul de Cercet\u0103ri Avansate Interdisciplinare \u201dConstantin Angelescu\u201d &#8211; \u0219i Comisia Na\u021bional\u0103 a&nbsp;Bibliotecilor (CNB), a organizat \u00een cadrul edi\u021biei a IX-a a Festivalului&nbsp;<em>Strada de C`Arte<\/em>&nbsp;dezbaterea cu tema \u201dRolul bibliotecilor \u00een noua paradigm\u0103 digital\u0103 de \u00eenv\u0103\u021bare\u201d, \u00een Aula BCUB. La manifestare au participat, at\u00e2t online c\u00e2t \u0219i \u00een sal\u0103, personalit\u0103\u021bi ale lumii academice \u0219i de cercetare, directori de biblioteci, profesori, oameni de cultur\u0103. Dezbaterea a fost urmat\u0103 de lansarea c\u0103r\u021bii \u201dEduca\u021bia prin E-learning\u201d, autori Doina Banciu, Ben-Oni Ardelean, Larisa Iva\u0219cu \u0219i Daniel Fodorean, ap\u0103rut\u0103 prin colaborarea Editurii AO\u0218R \u0219i Editurii Tehnice. Dezbaterea a fost moderat\u0103 de prof. Doina Banciu, vicepre\u0219edinte AO\u0218R, \u0219i conf. Mireille R\u0103doi, secretar al CNB.<\/p>\n<p><strong>Invita\u021bi speciali<\/strong><em>:<\/em><\/p>\n<p><em>Prof. univ. Dr. ing. Adrian Badea &#8211; pre\u0219edintele AOSR,<\/em><\/p>\n<p><em>Prof. univ. Dr. Sorin C\u00eempeanu \u2013 pre\u0219edintele Consiliului Na\u021bional al Rectorilor<\/em><\/p>\n<p><em>Prof. univ. Dr. Romi\u021b\u0103 Iucu \u2013 Universitatea Bucure\u0219ti<\/em><\/p>\n<p><em>Prof.univ. Dr. Tudor Pris\u0103caru \u2013 pre\u0219edintele Senatului UPB<\/em><\/p>\n<p><strong><a href=\"http:\/\/www.agentiadecarte.ro\/2020\/09\/invatamant-clasic-sau-e-learning\/\">http:\/\/www.agentiadecarte.ro\/2020\/09\/invatamant-clasic-sau-e-learning\/<\/a><\/strong><\/p>\n<p><strong> <img loading=\"lazy\" decoding=\"async\" class=\"alignnone size-full wp-image-660\" src=\"http:\/\/www.icai.ro\/wp-content\/uploads\/2020\/11\/pliant_securitatea_datelor.jpg\" alt=\"\" width=\"1241\" height=\"1754\"><\/strong><\/p>\n<p><strong>&nbsp;<\/strong>Simpozionul \u201dSecuritatea datelor cet\u0103\u021benilor \u00een administra\u021biile publice digitalizate\u201d &nbsp;planificat in &nbsp;19 martie 2020 a fost &nbsp;reprogramat si va fi sus\u021binut on &#8211; line, pe platforma zoom, la o data ce va fi anun\u021bata ulterior.<\/p>\n<p><strong>&nbsp; 3. Deschidere curs online <em>Dezvoltator de E-learning<\/em><br>\n<\/strong><\/p>\n<p>Academiei Oamenilor de \u0218tiin\u021b\u0103 din Rom\u00e2nia (AOSR) prin Institutul de Cercet\u0103ri Avansate Interdisciplinare \u201eConstantin Angelescu\u201d (ICAI) &nbsp;a deschis joi, 3 Decembrie 2020, cursul online <strong><em>Dezvoltator de E-learning<\/em><\/strong>. Evenimentul a fost deschis de&nbsp; prof. univ. dr. ing. Doina Banciu, vicepre\u0219edinte al Academiei Oamenilor de \u0218tiin\u021b\u0103 din Rom\u00e2nia \u00een prezen\u021ba pre\u0219edintelui AOSR, prof. univ. dr. ing. Adrian Badea, precum \u0219i a lectorilor invita\u021bi: prof. univ. dr. ing. Dumitru Popescu, prof. univ. dr. ing. R\u0103zvan Rughinis, dr. ing. Victor Vevera, director general al Institutului Na\u021bional de Cercetare Dezvoltare \u00een Informatica (ICI) &#8211; Bucure\u021bti, dr. Carmen C\u00eernu, director general al Institutului Na\u021bional de Studii \u0219i Cercet\u0103ri \u00een Comunica\u021bii (INSCC), conf. univ. dr. Larisa Iva\u0219cu, director al Centrului de Cercet\u0103ri \u00een Inginerie \u0219i Management -Universitatea Politehnica din Timi\u0219oara, lector univ. dr. Daniel Fodorean \u2013 decan al Facult\u0103\u021bii de Teologie, Institutul Teologic Baptist, lector univ. dr.ing. Mihail Dumitrache, Universitatea din Bucure\u0219ti.<\/p>\n<p>Participan\u021bii au relevat importan\u021ba acestui curs \u0219i au subliniat nevoia de adaptare a sistemului de \u00eenv\u0103\u021b\u0103m\u00e2nt la condi\u021biile actuale datorate crizei sanitare. De asemenea, din interven\u021biile invita\u021bilor a reie\u0219it faptul ca dezvoltarea \u00eenv\u0103\u021b\u0103m\u00e2ntului bazat pe E-learning este un proces continuu, care se va intensifica \u00een anii urm\u0103tori.<\/p>\n<p>La prima edi\u021bie a cursului s-au \u00eenscris cadre universitare, doctoranzi, profesori din \u00eenv\u0103\u021b\u0103m\u00e2ntul preuniversitar, bibliotecari \u0219i informaticieni din Bucure\u0219ti, Timi\u0219oara, Cluj, Bra\u0219ov precum \u0219i din mediu rural. Cursan\u021bii au reiterat \u00een interven\u021biile lor interesul pentru acest curs \u0219i a\u0219tept\u0103rile pe care le au dup\u0103 parcurgerea acestuia.<\/p>\n<p>Cursul se va \u00eencheia pe data de 21 Decembrie 2020.<\/p>\n<p><strong>2021<\/strong><\/p>\n<p><strong>1. Simpozionul&nbsp;\u201eSlove Muscelene\u201d Edi\u021bia a XIII-a, 15-16 iulie 2021<br>\n<\/strong><\/p>\n<p>Tema: <strong><em>500 de ani &#8211; De la Scrisoarea lui Neac\u0219u la comunicarea digital\u0103 de azi<br>\n<\/em><\/strong><\/p>\n<p>Institutul de Cercet\u0103ri Avansate Interdisciplinare \u201eConstantin Angelescu&#8221; (ICAI) a fost unul dintre organizatorii celei de-a XIII-a edi\u021bii a simpozionului \u201eSlove Muscelene&#8221;, al\u0103turi de alte institu\u021bii prestigioase de cultur\u0103 din Rom\u00e2nia: Funda\u021bia Universitar\u0103 \u201eCarol f, Biblioteca Central\u0103 Universitar\u0103 \u201eCarol I&#8221; Bucure\u0219ti, Muzeul Na\u021bional al Literaturii Rom\u00e2ne, ICI &#8211; Institutul Na\u021bional de Cercetare &#8211; Dezvoltare \u00een Informatic\u0103 Bucure\u0219ti, Biblioteca Jude\u021bean\u0103 \u201eGeorge Bari\u021biu&#8221; din Bra\u0219ov \u0219i Asocia\u021bia DigiLib Muscel.<\/p>\n<p>Aceast\u0103 a 13-a edi\u021bie s-a desf\u0103\u0219urat \u00een format hibrid, adic\u0103 at\u00e2t fizic la Aula Bibliotecii Centrale Universitare \u201eCarol I&#8221; din Bucure\u0219ti (15 iulie) cu transmisiune live pe internet, c\u00e2t \u0219i online (a doua zi, 16 iulie, sesiunea de comunic\u0103ri \u0219tiin\u021bifice).<\/p>\n<p>Tema edi\u021biei de anul acesta a fost <strong>\u201d500 de ani de la Scrisoarea lui Neac\u0219u la comunicarea digital\u0103 de azi\u201d.<\/strong> Invitatul special al evenimentului a fost academicianul R\u0103zvan Teodorescu, al\u0103turi de care au participat directori de biblioteci publice jude\u021bene din Rom\u00e2nia: Alba, Sibiu, Bra\u0219ov, Br\u0103ila, D\u00e2mbovi\u021ba, Dolj, directorul Bibliotecii Centrale Universitare &#8211; la\u0219i, directorul Bibliotecii Municipale a ora\u0219ului Bucure\u0219ti, directori ai bibliotecilor universit\u0103\u021bilor, oameni de \u0219tiin\u021b\u0103, cercet\u0103tori \u0219i academicieni, profesori de la cinci universit\u0103\u021bi din \u021bara (Bucure\u0219ti, Craiova, Timi\u0219oara, Sibiu \u0219i T\u00e2rgovi\u0219te) \u0219i un numeros public online.<\/p>\n<p>La deschiderea oficial\u0103 a evenimentului, \u00een Aula BCU \u201eCarol I\u201d din Bucure\u0219ti, au luat cuv\u00e2ntul prof. univ. dr. Doina Banciu, ini\u0163iatorul \u00eenc\u0103 din 2009 al evenimentului \u201eSlove Muscelene&#8221;, conf. univ. dr. Mireille R\u0103doi &#8211; director general BCU \u201eCarol I&#8221;, dr. Victor Vevera &#8211; director general ICI Bucure\u015fti, pr. prof. univ. dr. Nicolae I. Br\u00eenzea &#8211; consilier, Secretariatul General al Guvernului, Drago\u015f Adrian Neagu &#8211; pre\u015fedintele ANBPR. Ministrul Educa\u0163iei Na\u0163ionale, prof. univ. dr. Sorin Mihai C\u00eempeanu, a adresat un mesaj organizatorilor, prin care a ar\u0103tat importan\u0163a manifest\u0103rii \u015fi rolul bibliotecilor \u00een promovarea culturii \u015fi educa\u0163iei.<\/p>\n<p>Lucr\u0103rile \u00een plen au fost deschise de academicianul R\u0103zvan Teodorescu, care a subliniat importan\u0163a acestei jum\u0103t\u0103\u0163i de mileniu de la apari\u0163ia primului document atestat \u00een Limba rom\u00e2n\u0103, printr-un expozeu care a \u00eembinat o documentare doct\u0103 cu farmecul personal al interpret\u0103rii istorice, prin conexiuni multiple la nivel regional \u015fi european \u00eentre evolu\u0163ia \u0162\u0103rii Rom\u00e2ne\u015fti de la 1521 \u015fi Marile Puteri politice ale Evului Mediu.<\/p>\n<p>\u00cen expunerea \u201eDe la slovele lui Neac\u015fu la Slovele Muscelene&#8221;, prof. univ. dr. Doina Banciu, vicepre\u015fedinte al Academiei Oamenilor de \u015etiin\u0163\u0103 din Rom\u00e2nia, a evocat dintr-o perspectiv\u0103 personal\u0103 istoria de 13 ani a edi\u0163iilor acestei manifest\u0103ri \u015ftiin\u0163ifice \u015fi a ar\u0103tat c\u0103 importan\u0163a acestui simpozion rezid\u0103 \u00een consolidarea con\u015ftiin\u0163ei profesionale a bibliotecarilor, a profesioni\u015ftilor din documentare \u015fi cercetarea bibliologic\u0103 \u015fi a<br>\ntehnologiei informa\u0163iei pentru a promova \u015fi sus\u0163ine cele mai noi cercet\u0103ri \u015fi inova\u0163ii din aria digitaliz\u0103rii de ast\u0103zi.<\/p>\n<p>Link-uri de referin\u021b\u0103 pentru eveniment \u0219i \u00eenregistr\u0103ri video:<\/p>\n<p><a href=\"https:\/\/evenimentulmuscelean.ro\/2021\/07\/20\/500-de-ani-de-la-primul-document-in-limba-romana-scrisoarea-lui-neacsu-omagiata-la-bucuresti-si-campulung-analogic-si-online\/\">https:\/\/evenimentulmuscelean.ro\/2021\/07\/20\/500-de-ani-de-la-primul-document-in-limba-romana-scrisoarea-lui-neacsu-omagiata-la-bucuresti-si-campulung-analogic-si-online\/<\/a><\/p>\n<p><a href=\"https:\/\/www.trinitas.tv\/slove-muscelene-500-de-ani-de-la-scrisoarea-lui-neacsu-la-comunicarea-digitala-de-astazi\/\">https:\/\/www.trinitas.tv\/slove-muscelene-500-de-ani-de-la-scrisoarea-lui-neacsu-la-comunicarea-digitala-de-astazi\/<\/a><\/p>\n<p><a href=\"https:\/\/www.dcnews.ro\/incepe-simpozionul-slove-muscelene-editia-a-xiii-a-15-16-iulie-2021_828837.html\">https:\/\/www.dcnews.ro\/incepe-simpozionul-slove-muscelene-editia-a-xiii-a-15-16-iulie-2021_828837.html<\/a><\/p>\n<p><a href=\"https:\/\/www.dcnews.ro\/500-de-ani-de-la-cel-mai-important-document-al-culturii-romanesti-simpozion-la-bcu-carol-i_829352.html\">https:\/\/www.dcnews.ro\/500-de-ani-de-la-cel-mai-important-document-al-culturii-romanesti-simpozion-la-bcu-carol-i_829352.html<\/a><\/p>\n<p><a href=\"https:\/\/jurnaluldearges.ro\/slove-muscelene-in-exil-la-bucuresti-cu-colaborare-din-brasov-138541\/\">https:\/\/jurnaluldearges.ro\/slove-muscelene-in-exil-la-bucuresti-cu-colaborare-din-brasov-138541\/<\/a><\/p>\n<p><a href=\"https:\/\/comunic.ro\/500-de-ani-de-la-primul-document-in-limba-romana-scrisoarea-lui-neacsu-omagiata-la-bucuresti-si-campulung-analogic-si-online\/\">https:\/\/comunic.ro\/500-de-ani-de-la-primul-document-in-limba-romana-scrisoarea-lui-neacsu-omagiata-la-bucuresti-si-campulung-analogic-si-online\/<\/a><\/p>\n<p><a href=\"https:\/\/argesulonline.ro\/la-aniversarea-a-500-de-ani-de-limba-romana-scrisa-simpozionul-slove-muscelene-a-devenit-slove-bucurestene\/\">https:\/\/argesulonline.ro\/la-aniversarea-a-500-de-ani-de-limba-romana-scrisa-simpozionul-slove-muscelene-a-devenit-slove-bucurestene\/<\/a><\/p>\n<p>2023<\/p>\n<div id=\"tdi_48\" class=\"tdc-row stretch_row_1400 td-stretch-content\">\n<div class=\"vc_row tdi_49  wpb_row td-pb-row\">\n<div class=\"vc_column tdi_51  wpb_column vc_column_container tdc-column td-pb-span8\">\n<div class=\"wpb_wrapper\">\n<div class=\"td_block_wrap tdb_title tdi_53 tdb-single-title td-pb-border-top td_block_template_1\" data-td-block-uid=\"tdi_53\">\n<div class=\"tdb-block-inner td-fix-index\">\n<h1 class=\"tdb-title-text\">Conferin\u021ba \u201eTransformarea digital\u0103 a institu\u0163iilor publice de cultur\u0103\u201d<\/h1>\n<div><\/div>\n<\/div>\n<\/div>\n<div class=\"td_block_wrap tdb_single_post_share tdi_55 td-pb-border-top td_block_template_1\" data-td-block-uid=\"tdi_55\">\n<div id=\"tdi_55\" class=\"td-post-sharing tdb-block td-ps-bg td-ps-notext td-post-sharing-style1 \">\n<div class=\"td-post-sharing-visible\">\n<div class=\"td-social-but-icon\"><\/div>\n<div class=\"td-social-but-icon\"><\/div>\n<div class=\"td-social-but-icon\"><\/div>\n<div class=\"td-social-but-icon\"><\/div>\n<\/div>\n<\/div>\n<\/div>\n<\/div>\n<\/div>\n<div class=\"vc_column tdi_57  wpb_column vc_column_container tdc-column td-pb-span4\">\n<div class=\"wpb_wrapper\"><\/div>\n<\/div>\n<\/div>\n<\/div>\n<div id=\"tdi_58\" class=\"tdc-row stretch_row_1400 td-stretch-content\">\n<div class=\"vc_row tdi_59 td-ss-row wpb_row td-pb-row\">\n<div class=\"vc_column tdi_61  wpb_column vc_column_container tdc-column td-pb-span8\">\n<div class=\"wpb_wrapper\">\n<div class=\"clearfix\"><\/div>\n<div class=\"vc_row_inner tdi_63  vc_row vc_inner wpb_row td-pb-row\">\n<div class=\"vc_column_inner tdi_65  wpb_column vc_column_container tdc-inner-column td-pb-span12\">\n<div class=\"vc_column-inner\">\n<div class=\"wpb_wrapper\">\n<div class=\"td_block_wrap tdb_single_featured_image tdi_66 tdb-content-horiz-left td-pb-border-top td-custom-featured td_block_template_1\" data-td-block-uid=\"tdi_66\">\n<div class=\"tdb-block-inner td-fix-index\"><img loading=\"lazy\" decoding=\"async\" class=\"entry-thumb td-animation-stack-type2-2\" title=\"thumb Conf AOSR 13.01.2023\" src=\"https:\/\/www.aosr.ro\/wp-content\/uploads\/2023\/01\/thumb-Conf-AOSR-13.01.2023-696x392.jpg\" sizes=\"auto, (max-width: 696px) 100vw, 696px\" srcset=\"https:\/\/www.aosr.ro\/wp-content\/uploads\/2023\/01\/thumb-Conf-AOSR-13.01.2023-696x392.jpg 696w, https:\/\/www.aosr.ro\/wp-content\/uploads\/2023\/01\/thumb-Conf-AOSR-13.01.2023-300x169.jpg 300w, https:\/\/www.aosr.ro\/wp-content\/uploads\/2023\/01\/thumb-Conf-AOSR-13.01.2023-150x84.jpg 150w, https:\/\/www.aosr.ro\/wp-content\/uploads\/2023\/01\/thumb-Conf-AOSR-13.01.2023-768x432.jpg 768w, https:\/\/www.aosr.ro\/wp-content\/uploads\/2023\/01\/thumb-Conf-AOSR-13.01.2023.jpg 912w\" alt=\"\" width=\"696\" height=\"392\"><\/div>\n<\/div>\n<\/div>\n<\/div>\n<\/div>\n<\/div>\n<div class=\"td_block_wrap tdb_single_content tdi_67 td-pb-border-top td_block_template_1 td-post-content tagdiv-type\" data-td-block-uid=\"tdi_67\">\n<div class=\"tdb-block-inner td-fix-index\">\n<p>Biblioteca Jude\u0163ean\u0103 \u201eIon Heliade R\u0103dulescu\u201d D\u00e2mbovi\u0163a, Consiliul Jude\u0163ean D\u00e2mbovi\u0163a, Centrul Jude\u0163ean de Cultur\u0103 D\u00e2mbovi\u0163a, \u00een parteneriat cu Arhiepiscopia T\u00e2rgovi\u015ftei \u015fi Academia Oamenilor de \u015etiin\u0163\u0103 din Rom\u00e2nia organizeaz\u0103 Conferin\u0163a \u201eTransformarea digital\u0103 a institu\u0163iilor publice de cultur\u0103\u201d, sus\u0163inut\u0103 de prof. univ. dr.&nbsp;<strong>Doina BANCIU<\/strong>, Vicepre\u015fedinte AOSR.<\/p>\n<p><strong>Data:<\/strong>&nbsp;13 ianuarie 2023, ora 11.00<br>\n<strong>Loca\u0163ia:<\/strong>&nbsp;Sediul Bibliotecii Jude\u0163ene D\u00e2mbovi\u0163a, T\u00e2rgovi\u015fte \u2013 Strada Stelea nr. 2, Sala de conferin\u0163e<\/p>\n<p>\u2013 Moment artistic sus\u0163inut de Sextetul Orchestrei Simfonice Muntenia \u2013<\/p>\n<div class=\"wp-block-image\">\n<figure class=\"aligncenter size-large\"><img loading=\"lazy\" decoding=\"async\" class=\"wp-image-25776 td-animation-stack-type2-2\" src=\"https:\/\/www.aosr.ro\/wp-content\/uploads\/2023\/01\/Afis-13.01.2023-Transfomarea-digitala-a-institutiilor-publice-de-cultura-682x1024.jpg\" sizes=\"auto, (max-width: 682px) 100vw, 682px\" srcset=\"https:\/\/www.aosr.ro\/wp-content\/uploads\/2023\/01\/Afis-13.01.2023-Transfomarea-digitala-a-institutiilor-publice-de-cultura-682x1024.jpg 682w, https:\/\/www.aosr.ro\/wp-content\/uploads\/2023\/01\/Afis-13.01.2023-Transfomarea-digitala-a-institutiilor-publice-de-cultura-200x300.jpg 200w, https:\/\/www.aosr.ro\/wp-content\/uploads\/2023\/01\/Afis-13.01.2023-Transfomarea-digitala-a-institutiilor-publice-de-cultura-100x150.jpg 100w, https:\/\/www.aosr.ro\/wp-content\/uploads\/2023\/01\/Afis-13.01.2023-Transfomarea-digitala-a-institutiilor-publice-de-cultura-768x1153.jpg 768w, https:\/\/www.aosr.ro\/wp-content\/uploads\/2023\/01\/Afis-13.01.2023-Transfomarea-digitala-a-institutiilor-publice-de-cultura-1023x1536.jpg 1023w, https:\/\/www.aosr.ro\/wp-content\/uploads\/2023\/01\/Afis-13.01.2023-Transfomarea-digitala-a-institutiilor-publice-de-cultura-150x225.jpg 150w, https:\/\/www.aosr.ro\/wp-content\/uploads\/2023\/01\/Afis-13.01.2023-Transfomarea-digitala-a-institutiilor-publice-de-cultura-300x450.jpg 300w, https:\/\/www.aosr.ro\/wp-content\/uploads\/2023\/01\/Afis-13.01.2023-Transfomarea-digitala-a-institutiilor-publice-de-cultura-696x1045.jpg 696w, https:\/\/www.aosr.ro\/wp-content\/uploads\/2023\/01\/Afis-13.01.2023-Transfomarea-digitala-a-institutiilor-publice-de-cultura.jpg 1066w\" alt=\"\" width=\"682\" height=\"1024\"><\/figure>\n<\/div>\n<\/div>\n<\/div>\n<\/div>\n<\/div>\n<\/div>\n<\/div>\n\n\n<p><\/p>\n\n\n\n<h1 class=\"wp-block-heading\">\u201cSisteme AI pentru educa\u021bie modern\u0103 \u0219i adaptiv\u0103\u201d<\/h1>\n\n\n\n<p><a href=\"https:\/\/www.facebook.com\/sharer.php?u=https%3A%2F%2Fwww.aosr.ro%2Fsisteme-ai-pentru-educatie-moderna-si-adaptiva%2F\"><\/a><a href=\"https:\/\/twitter.com\/intent\/tweet?text=%E2%80%9CSisteme+AI+pentru+educa%C8%9Bie+modern%C4%83+%C8%99i+adaptiv%C4%83%E2%80%9D&amp;url=https%3A%2F%2Fwww.aosr.ro%2Fsisteme-ai-pentru-educatie-moderna-si-adaptiva%2F&amp;via=Academia+Oamenilor+de+%C8%98tiin%C8%9B%C4%83+din+Rom%C3%A2nia\"><\/a><a href=\"https:\/\/pinterest.com\/pin\/create\/button\/?url=https:\/\/www.aosr.ro\/sisteme-ai-pentru-educatie-moderna-si-adaptiva\/&amp;media=https:\/\/www.aosr.ro\/wp-content\/uploads\/2023\/02\/Sisteme-AI-pt-educatia-moderna-modif.jpg&amp;description=%E2%80%9CSisteme+AI+pentru+educa%C8%9Bie+modern%C4%83+%C8%99i+adaptiv%C4%83%E2%80%9D\"><\/a><a href=\"https:\/\/api.whatsapp.com\/send?text=%E2%80%9CSisteme+AI+pentru+educa%C8%9Bie+modern%C4%83+%C8%99i+adaptiv%C4%83%E2%80%9D%20%0A%0A%20https:\/\/www.aosr.ro\/sisteme-ai-pentru-educatie-moderna-si-adaptiva\/\"><\/a><\/p>\n\n\n\n<figure class=\"wp-block-image\"><img decoding=\"async\" src=\"https:\/\/www.aosr.ro\/wp-content\/uploads\/2023\/02\/Sisteme-AI-pt-educatia-moderna-modif-696x392.jpg\" alt=\"\" title=\"Sisteme AI pt educatia moderna modif\"\/><\/figure>\n\n\n\n<p>DEZBATERE HIBRID CU TEMA&nbsp;<br>\u201cSISTEME AI PENTRU EDUCA\u0162IE MODERN\u0102 \u015eI ADAPTIV\u0102\u201d<\/p>\n\n\n\n<p>Miercuri, 15 februarie 2023,&nbsp;Ora 12:00 \u2013 sediul AOSR<\/p>\n\n\n\n<p><strong>INVITA\u021aI<br><\/strong>Acad.&nbsp;<strong>Florin FILIP<\/strong>&nbsp;\u2013 Academia Rom\u00e2n\u0103<br>Prof. univ. dr. ing.&nbsp;<strong>Larisa IVA\u0218CU<\/strong>&nbsp;\u2013 Universitatea Politehnica Timi\u0219oara<br>Prof. univ. dr.&nbsp;<strong>R\u0103zvan BOLOGA<\/strong>&nbsp;\u2013 Academia de Studii Economice din Bucure\u0219ti<\/p>\n\n\n\n<p><strong>MODERATOR<\/strong>: Prof univ. dr. ing&nbsp;<strong>Doina BANCIU<\/strong><\/p>\n\n\n\n<p>Eveniment organizat de Academia Oamenilor de \u0218tiin\u021b\u0103 din Rom\u00e2nia prin&nbsp;INSTITUTUL DE CERCET\u0102RI AVANSATE INTERDISCIPLINARE \u201eCONSTANTIN ANGELESCU\u201d<\/p>\n\n\n\n<p>Prof. dr. Doina Banciu a fost invitat\u0103 s\u0103 participe la Conferin\u021ba Na\u021bional\u0103 a Bibliotecarilor \u0219i Bibliotecilor Publice, BiblioPUBLICA, cu tema&nbsp;<a><strong><em>\u201e<\/em><\/strong><\/a><strong><em>Biblioteci pentru comunit\u0103\u021bi incluzive\u201d<\/em><\/strong> pentru a sus\u021bine \u00een plen o interven\u021bie despre transformarea digital\u0103 a bibliotecilor publice. La eveniment au participat directorii \u0219i managerii marilor biblioteci jude\u021bene din toat\u0103 \u021bara, precum \u0219i al\u021bi bibliotecari \u0219i speciali\u0219ti, care au preocup\u0103ri \u00een domeniu.<\/p>\n\n\n\n<figure class=\"wp-block-gallery columns-3 is-cropped wp-block-gallery-1 is-layout-flex wp-block-gallery-is-layout-flex\"><ul class=\"blocks-gallery-grid\"><li class=\"blocks-gallery-item\"><figure><img loading=\"lazy\" decoding=\"async\" width=\"1024\" height=\"576\" src=\"http:\/\/www.icai.ro\/wp-content\/uploads\/2023\/11\/poza1-1.jpg\" alt=\"\" data-id=\"799\" data-link=\"http:\/\/www.icai.ro\/?attachment_id=799\" class=\"wp-image-799\"\/><\/figure><\/li><li class=\"blocks-gallery-item\"><figure><img loading=\"lazy\" decoding=\"async\" width=\"1024\" height=\"768\" src=\"http:\/\/www.icai.ro\/wp-content\/uploads\/2023\/11\/poza2-1.jpg\" alt=\"\" data-id=\"800\" data-link=\"http:\/\/www.icai.ro\/?attachment_id=800\" class=\"wp-image-800\"\/><\/figure><\/li><li class=\"blocks-gallery-item\"><figure><img loading=\"lazy\" decoding=\"async\" width=\"1024\" height=\"576\" src=\"http:\/\/www.icai.ro\/wp-content\/uploads\/2023\/11\/poza3-1.jpg\" alt=\"\" data-id=\"801\" data-link=\"http:\/\/www.icai.ro\/?attachment_id=801\" class=\"wp-image-801\"\/><\/figure><\/li><li class=\"blocks-gallery-item\"><figure><img loading=\"lazy\" decoding=\"async\" width=\"1024\" height=\"768\" src=\"http:\/\/www.icai.ro\/wp-content\/uploads\/2023\/11\/poza4-1.jpg\" alt=\"\" data-id=\"802\" data-link=\"http:\/\/www.icai.ro\/?attachment_id=802\" class=\"wp-image-802\"\/><\/figure><\/li><\/ul><\/figure>\n\n\n\n<p><\/p>\n\n\n\n<p>&nbsp;&nbsp;&nbsp;&nbsp; \u00cen perioada 29-30 septembrie 2023 doamna prof. Doina Banciu a fost invitat\u0103 s\u0103 participle la Zilele Bibliotecii Jude\u021bene \u201eAlexandru \u015fi Aristia Aman\u201d din Craiova \u0219i la inaugurarea \u201eMuzeului C\u0103r\u021bii \u0219i Exilului Rom\u00e2nesc\u201d. Manifestarea a reunit numeroase personalit\u0103\u021bi din toat\u0103 lumea pentru a participa la deschiderea muzeului. Printre ace\u0219tia se pot enumera academicianul <strong>Basarab Nicolescu<\/strong> \u2013 fizician, filosof, eseist, scriitor, profesor \u0219i membru de onoare al Academiei Rom\u00e2ne; <strong>Theodor Damian<\/strong> &#8211; preot, poet \u0219i profesor, fondator al Institutului Rom\u00e2n de Teologie \u0219i Spiritualitate Ortodox\u0103 din New York \u0219i al revistei culturale Lumin\u0103, membu al AOSR filiala New-York; <strong>Andrei Codrescu<\/strong>&nbsp;\u2013 poet, prozator, eseist, jurnalist, traduc\u0103tor \u0219i profesor, laureat al mai multor premii prestigioase din \u021bar\u0103 \u0219i str\u0103in\u0103tate; <strong>George Roca<\/strong> \u2013 scriitor, poet, grafician, editor, cunoscut promotor cultural rom\u00e2n stabilit \u00een Australia \u0219i membru fondator al Academiei de \u0218tiin\u021be, Literatur\u0103 \u015fi Arte; <strong>Anca Fanea<\/strong> \u2013 lingvist, cercet\u0103tor, doctor \u00een filologie al Facult\u0103\u021bii de Litere, Universitatea din Bucure\u0219ti; <strong>Adrian S\u00e2ngeorzan<\/strong>&nbsp;\u2013 poet, prozator \u0219i medic, membru al Uniunii Scriitorilor din Rom\u00e2nia, al International Library of Poets din SUA \u0219i al Mi\u0219c\u0103rii mondiale de poezie Poeta del Mundo;&nbsp;<strong>Gabriel Badea P\u0103un<\/strong>&nbsp;\u2013 istoric de art\u0103 \u0219i eseist. Au participat reprezentan\u021bi ai administra\u021biei locale \u0219i culturale, printre care primarul ora\u0219ului Craiova, dna. <strong>Olgu\u021ba Vasilescu<\/strong> \u0219i dl.&nbsp;<strong>Luca Niculescu<\/strong>&nbsp;\u2013 secretar de stat \u00een cadrul Ministerului Afacerilor Externe.<\/p>\n\n\n\n<p>\u00cen interven\u021bia sa, dna. Prof. Doina Banciu a prezentat succinct obiectivele Academiei Oamenilor de \u0218tiin\u021b\u0103 din Rom\u00e2nia \u0219i a subliniat prezen\u021ba unui membru al Academiei, care a fost omagiat \u00een cadrul evenimentului, dl. Theodor Damian. Cu aceast\u0103 ocazie, domnului <strong>Lucian Dindiric\u0103<\/strong>, directorul Bibliotecii Jude\u021bene Craiova i-a fost \u00eenm\u00e2nat\u0103 din partea AOSR o diplom\u0103 de excelen\u021b\u0103 pentru contribu\u021bia la dezvoltarea \u0219i modernizarea bibliotecilor.<\/p>\n\n\n\n<figure class=\"wp-block-gallery columns-3 is-cropped wp-block-gallery-2 is-layout-flex wp-block-gallery-is-layout-flex\"><ul class=\"blocks-gallery-grid\"><li class=\"blocks-gallery-item\"><figure><img loading=\"lazy\" decoding=\"async\" width=\"1024\" height=\"768\" src=\"http:\/\/www.icai.ro\/wp-content\/uploads\/2023\/11\/poza5.jpg\" alt=\"\" data-id=\"803\" data-link=\"http:\/\/www.icai.ro\/?attachment_id=803\" class=\"wp-image-803\"\/><\/figure><\/li><li class=\"blocks-gallery-item\"><figure><img loading=\"lazy\" decoding=\"async\" width=\"1024\" height=\"472\" src=\"http:\/\/www.icai.ro\/wp-content\/uploads\/2023\/11\/poza6.jpg\" alt=\"\" data-id=\"804\" data-link=\"http:\/\/www.icai.ro\/?attachment_id=804\" class=\"wp-image-804\"\/><\/figure><\/li><li class=\"blocks-gallery-item\"><figure><img loading=\"lazy\" decoding=\"async\" width=\"1024\" height=\"472\" src=\"http:\/\/www.icai.ro\/wp-content\/uploads\/2023\/11\/poza7.jpg\" alt=\"\" data-id=\"805\" data-link=\"http:\/\/www.icai.ro\/?attachment_id=805\" class=\"wp-image-805\"\/><\/figure><\/li><li class=\"blocks-gallery-item\"><figure><img loading=\"lazy\" decoding=\"async\" width=\"472\" height=\"1024\" src=\"http:\/\/www.icai.ro\/wp-content\/uploads\/2023\/11\/poza8.jpg\" alt=\"\" data-id=\"806\" data-link=\"http:\/\/www.icai.ro\/?attachment_id=806\" class=\"wp-image-806\"\/><\/figure><\/li><\/ul><\/figure>\n\n\n\n<p><\/p>\n\n\n\n<p>Doamna Doina Banciu a fost invitat\u0103 ca panelist la Congresul Na\u021bional de \u00cemb\u0103tr\u00e2nire Activ\u0103, edi\u021bia I, care a avut loc la Palatul Parlamentului \u00een perioada 15-16 noiembrie 2023.<\/p>\n\n\n\n<p>La aceast\u0103 manifestare au participat membri ai Guvernului Rom\u00e2niei (printre care <strong>Adrian \u021au\u021buianu<\/strong> &#8211; Secretar General adjunct al Guvernului, <strong>Bogdan Dumea<\/strong> &#8211; Secretar de Stat al Ministerul Cercet\u0103rii, Inov\u0103rii \u0219i Digitaliz\u0103rii, <strong>Diana Baciuna<\/strong> &#8211; Secretar de Stat al Ministerului Culturii), reprezentan\u021bi ai administra\u021biei locale, reprezentan\u021bi ai mediului academic \u0219i de cercetare, organiza\u021bii non-guvernamentale, companii private.<\/p>\n\n\n\n<p>Doamna Doina Banciu a ar\u0103tat c\u0103 seniorii pot avea un aport semnificativ \u00een definirea de strategii \u0219i direc\u021bii \u00een cercetare-dezvoltare sau pot sprijini t\u00e2n\u0103ra genera\u021bie \u00een dezvoltarea carierei. De asemenea a subliniat necesitatea implic\u0103rii tuturor for\u021belor politice \u0219i sociale pentru ca seniorii s\u0103 nu devin\u0103 o povar\u0103 pentru societate.<\/p>\n\n\n\n<figure class=\"wp-block-image size-large\"><img loading=\"lazy\" decoding=\"async\" width=\"1080\" height=\"1440\" src=\"http:\/\/www.icai.ro\/wp-content\/uploads\/2023\/11\/poza9.jpg\" alt=\"\" class=\"wp-image-807\"\/><\/figure>\n\n\n\n<p>Dna. Prof. Doina Banciu a fost invitat\u0103 s\u0103 participe ca panelist la o conferin\u021b\u0103 cu o larg\u0103 recunoa\u0219tere intena\u021bional\u0103, organizat\u0103 de Asia-Pacific Broadcasting Union (ABU) \u0219i Radio Rom\u00e2nia \u00een perioada 16-17 noiembrie 2023.<\/p>\n\n\n\n<p>Conferin\u021ba cu titlul <strong>\u201eDiverse and distinctive: How culture powers public service media\u201d (Divers \u0219i distinctiv: modul \u00een care cultura alimenteaz\u0103 serviciul public<\/strong> <strong>mass-media) <\/strong>a avut ca scop examinarea con\u021binutului cultural de \u00eenalt\u0103 valoare, diversitatea \u0219i incluziunea, cu accent deosebit pe difuzarea pentru comunit\u0103\u021bile na\u021bionale, regionale \u0219i locale. Conferin\u021ba \u0219i-a propuns s\u0103 arate valoarea mass-media ca serviciu public, capabil s\u0103 reuneasc\u0103 oamenii \u00een jurul valorilor lor comune.<\/p>\n\n\n\n<p>La conferin\u021b\u0103 au sus\u021binut interven\u021bii R\u0103zvan Ioan Dinc\u0103 &#8211; pre\u015fedinte director general, Radio Rom\u00e2nia; Ahmed Nadeem \u2013 secretar general ABU; Jean Philip De Tender \u2013 director general adjunct EBU; Claudio Cappon &#8211; secretar general COPEAM; Paola Parri \u2013 vice-secretar general COPEAM; David Jordan &#8211; directorul de politici editoriale \u0219i standarde al BBC \u0219i secretar general PBI; Ignatius Hendrasmo \u2013 director RRI, precum \u0219i al\u021bi speciali\u0219ti \u00een domeniu.<\/p>\n\n\n\n<p>Dna. Prof. a prezentat obiectivele Academiei Oamenilor de \u0218tiin\u021b\u0103 din Rom\u00e2nia \u0219i cooperarea cu Radio Rom\u00e2nia pentru promovarea \u0219tiin\u021bei \u00een Rom\u00e2nia, \u00een special \u00een r\u00e2ndul tinerilor. Audien\u021ba a fost interesat\u0103 de aceast\u0103 colaborare, iar o serie de posturi de radio str\u0103ine \u0219i-au ar\u0103tat disponibilitatea pentru cooperarea cu AOSR \u0219i preluarea ini\u021biativei Academiei de a crea un site dedicat precum cel intitulat \u201eAmbasadorii \u0218tiin\u021bei\u201d.<\/p>\n\n\n\n<figure class=\"wp-block-gallery columns-2 is-cropped wp-block-gallery-3 is-layout-flex wp-block-gallery-is-layout-flex\"><ul class=\"blocks-gallery-grid\"><li class=\"blocks-gallery-item\"><figure><img loading=\"lazy\" decoding=\"async\" width=\"720\" height=\"1600\" src=\"http:\/\/www.icai.ro\/wp-content\/uploads\/2023\/11\/poza10.jpg\" alt=\"\" data-id=\"808\" data-link=\"http:\/\/www.icai.ro\/?attachment_id=808\" class=\"wp-image-808\"\/><\/figure><\/li><li class=\"blocks-gallery-item\"><figure><img loading=\"lazy\" decoding=\"async\" width=\"412\" height=\"955\" src=\"http:\/\/www.icai.ro\/wp-content\/uploads\/2023\/11\/poza11.jpg\" alt=\"\" data-id=\"809\" data-link=\"http:\/\/www.icai.ro\/?attachment_id=809\" class=\"wp-image-809\"\/><\/figure><\/li><\/ul><\/figure>\n\n\n\n<p><\/p>\n\n\n\n<p>2024<\/p>\n\n\n\n<p>Academia Oamenilor de \u015etiin\u0163\u0103 din Rom\u00e2nia organizeaz\u0103, cu ocazia Zilei de 8 Martie, evenimentul \u201d\u0218tiin\u021b\u0103 \u0219i Cultur\u0103\u201d, \u00een cadrul programului \u201dValen\u021bele feminit\u0103\u021bii\u201d. Evenimentul are loc miercuri\u00a0<strong>6 martie 2024,\u00a0<\/strong>\u00eencep\u00e2nd cu<strong>\u00a0ora 15:00,<\/strong>\u00a0la sediul AOSR din strada Ilfov nr. 3, sector 5.<\/p>\n\n\n\n<figure class=\"wp-block-image size-large\"><img loading=\"lazy\" decoding=\"async\" width=\"2481\" height=\"3508\" src=\"http:\/\/www.icai.ro\/wp-content\/uploads\/2024\/02\/Conferinta-STIINTA-si-CULTURA-6-martie-2024.jpg\" alt=\"\" class=\"wp-image-814\"\/><\/figure>\n","protected":false},"excerpt":{"rendered":"<p>Institutului de Cercet\u0103ri Avansate Interdisciplinare \u201eConstantin Angelescu\u201d &nbsp;desf\u0103\u0219oar\u0103 numeroase activit\u0103\u021bi \u00een sprijinul \u0219tiin\u021bei \u0219i culturii: organizarea sau co-organizarea de evenimente culturale \u0219i \u0219tiin\u021bifice ; organizarea de dezbateri asupra unor teme de interes na\u021bional; publicarea on-line sau tradi\u021bional a unor documente de interes; sprijinirea unor ac\u021biuni culturale organizate de diferite institu\u021bii din \u021bara \u0219i str\u0103in\u0103tate. 2019 [&hellip;]<\/p>\n","protected":false},"author":1,"featured_media":0,"parent":0,"menu_order":0,"comment_status":"closed","ping_status":"closed","template":"","meta":{"footnotes":""},"class_list":["post-259","page","type-page","status-publish","hentry"],"_links":{"self":[{"href":"http:\/\/www.icai.ro\/index.php?rest_route=\/wp\/v2\/pages\/259","targetHints":{"allow":["GET"]}}],"collection":[{"href":"http:\/\/www.icai.ro\/index.php?rest_route=\/wp\/v2\/pages"}],"about":[{"href":"http:\/\/www.icai.ro\/index.php?rest_route=\/wp\/v2\/types\/page"}],"author":[{"embeddable":true,"href":"http:\/\/www.icai.ro\/index.php?rest_route=\/wp\/v2\/users\/1"}],"replies":[{"embeddable":true,"href":"http:\/\/www.icai.ro\/index.php?rest_route=%2Fwp%2Fv2%2Fcomments&post=259"}],"version-history":[{"count":15,"href":"http:\/\/www.icai.ro\/index.php?rest_route=\/wp\/v2\/pages\/259\/revisions"}],"predecessor-version":[{"id":815,"href":"http:\/\/www.icai.ro\/index.php?rest_route=\/wp\/v2\/pages\/259\/revisions\/815"}],"wp:attachment":[{"href":"http:\/\/www.icai.ro\/index.php?rest_route=%2Fwp%2Fv2%2Fmedia&parent=259"}],"curies":[{"name":"wp","href":"https:\/\/api.w.org\/{rel}","templated":true}]}}